{"id":1817,"date":"2025-10-22T10:59:17","date_gmt":"2025-10-22T10:59:17","guid":{"rendered":"https:\/\/magdalenalobisch.de\/?page_id=1817"},"modified":"2026-03-23T12:07:03","modified_gmt":"2026-03-23T12:07:03","slug":"ueber-mich-2","status":"publish","type":"page","link":"https:\/\/magdalenalobisch.de\/es\/ueber-mich-2\/","title":{"rendered":"\u00dcber mich"},"content":{"rendered":"\t\t<div data-elementor-type=\"wp-post\" data-elementor-id=\"1817\" class=\"elementor elementor-1817\" data-elementor-post-type=\"page\">\n\t\t\t\t<div class=\"elementor-element elementor-element-c1bce20 e-flex e-con-boxed e-con e-parent\" data-id=\"c1bce20\" data-element_type=\"container\" data-e-type=\"container\" data-settings=\"{&quot;background_background&quot;:&quot;classic&quot;}\">\n\t\t\t\t\t<div class=\"e-con-inner\">\n\t\t<div class=\"elementor-element elementor-element-6da41d8 e-con-full e-flex e-con e-child\" data-id=\"6da41d8\" data-element_type=\"container\" data-e-type=\"container\">\n\t\t<div class=\"elementor-element elementor-element-f38b0a0 e-con-full e-flex e-con e-child\" data-id=\"f38b0a0\" data-element_type=\"container\" data-e-type=\"container\">\n\t\t\t\t<div class=\"elementor-element elementor-element-4337e7e elementor-widget elementor-widget-heading\" data-id=\"4337e7e\" data-element_type=\"widget\" data-e-type=\"widget\" data-widget_type=\"heading.default\">\n\t\t\t\t<div class=\"elementor-widget-container\">\n\t\t\t\t\t<h1 class=\"elementor-heading-title elementor-size-default\">\u00dcBER MICH<\/h1>\t\t\t\t<\/div>\n\t\t\t\t<\/div>\n\t\t\t\t<\/div>\n\t\t\t\t<\/div>\n\t\t\t\t\t<\/div>\n\t\t\t\t<\/div>\n\t\t<div class=\"elementor-element elementor-element-dfaa8be e-flex e-con-boxed e-con e-parent\" data-id=\"dfaa8be\" data-element_type=\"container\" data-e-type=\"container\" data-settings=\"{&quot;background_background&quot;:&quot;classic&quot;}\">\n\t\t\t\t\t<div class=\"e-con-inner\">\n\t\t<div class=\"elementor-element elementor-element-8611dd8 e-con-full e-flex e-con e-child\" data-id=\"8611dd8\" data-element_type=\"container\" data-e-type=\"container\">\n\t\t\t\t<div class=\"elementor-element elementor-element-a9e437f elementor-widget elementor-widget-heading\" data-id=\"a9e437f\" data-element_type=\"widget\" data-e-type=\"widget\" data-widget_type=\"heading.default\">\n\t\t\t\t<div class=\"elementor-widget-container\">\n\t\t\t\t\t<h2 class=\"elementor-heading-title elementor-size-default\">La magia del cambio<\/h2>\t\t\t\t<\/div>\n\t\t\t\t<\/div>\n\t\t\t\t<div class=\"elementor-element elementor-element-0a2dcc8 elementor-widget elementor-widget-menu-anchor\" data-id=\"0a2dcc8\" data-element_type=\"widget\" data-e-type=\"widget\" data-widget_type=\"menu-anchor.default\">\n\t\t\t\t<div class=\"elementor-widget-container\">\n\t\t\t\t\t\t\t<div class=\"elementor-menu-anchor\" id=\"kurzvita\"><\/div>\n\t\t\t\t\t\t<\/div>\n\t\t\t\t<\/div>\n\t\t\t\t<div class=\"elementor-element elementor-element-3de1dbf elementor-widget elementor-widget-text-editor\" data-id=\"3de1dbf\" data-element_type=\"widget\" data-e-type=\"widget\" data-widget_type=\"text-editor.default\">\n\t\t\t\t<div class=\"elementor-widget-container\">\n\t\t\t\t\t\t\t\t\t<p>El cambio es probablemente la constante m\u00e1s importante de mi vida. A veces silencioso, a veces poderoso e irreversible. Lo que me impulsa hoy es la convicci\u00f3n de que cada cambio, ya sea autodeterminado o provocado externamente, encierra un gran potencial de desarrollo personal.<\/p><p>Una crisis de salud hace algunos a\u00f1os puso mi vida de cabeza. Me mostr\u00f3 lo importante que es la estabilidad interior cuando las estructuras externas se derrumban. Esta \u00e9poca fue extremadamente dif\u00edcil y, al mismo tiempo, el inicio de un profundo desarrollo personal. Hoy la considero un punto de inflexi\u00f3n que me ha tra\u00eddo mucho bien.<\/p><p>Trabajo de forma sist\u00e9mica y orientada a los recursos, con especial atenci\u00f3n a los aspectos internos, los patrones y la interacci\u00f3n entre cuerpo, emociones y consciencia. Para ello, combino elementos de IFS (Sistemas Familiares Internos), Hakomi, constelaciones familiares y Liderazgo Aut\u00e9ntico.<\/p><p>Mi experiencia como gerente de marca, l\u00edder de equipo y gerente de proyectos me ha dejado comprensi\u00f3n profunda sobre din\u00e1micas organizacionales, procesos de equipo y retos de la vida laboral moderna. Adem\u00e1s fue la cuna de mi pasi\u00f3n por la relevancia de cultura corporativa y el liderazgo.<\/p><p>Como madre de dos hijos en una familia germano-mexicana, tambi\u00e9n aporto diversidad cultural, empat\u00eda y un alto grado de sensibilidad intercultural a mi trabajo.<\/p>\t\t\t\t\t\t\t\t<\/div>\n\t\t\t\t<\/div>\n\t\t\t\t<\/div>\n\t\t<div class=\"elementor-element elementor-element-14d4a29 e-con-full e-flex e-con e-child\" data-id=\"14d4a29\" data-element_type=\"container\" data-e-type=\"container\" data-settings=\"{&quot;background_background&quot;:&quot;classic&quot;}\">\n\t\t\t\t<div class=\"elementor-element elementor-element-9d277ce elementor-widget elementor-widget-image\" data-id=\"9d277ce\" data-element_type=\"widget\" data-e-type=\"widget\" data-widget_type=\"image.default\">\n\t\t\t\t<div class=\"elementor-widget-container\">\n\t\t\t\t\t\t\t\t\t\t\t\t\t\t\t<img fetchpriority=\"high\" decoding=\"async\" width=\"940\" height=\"788\" src=\"https:\/\/magdalenalobisch.de\/wp-content\/uploads\/2024\/12\/magdalena.jpg\" class=\"attachment-full size-full wp-image-187\" alt=\"\" srcset=\"https:\/\/magdalenalobisch.de\/wp-content\/uploads\/2024\/12\/magdalena.jpg 940w, https:\/\/magdalenalobisch.de\/wp-content\/uploads\/2024\/12\/magdalena-300x251.jpg 300w, https:\/\/magdalenalobisch.de\/wp-content\/uploads\/2024\/12\/magdalena-768x644.jpg 768w\" sizes=\"(max-width: 940px) 100vw, 940px\" \/>\t\t\t\t\t\t\t\t\t\t\t\t\t\t\t<\/div>\n\t\t\t\t<\/div>\n\t\t\t\t<\/div>\n\t\t\t\t\t<\/div>\n\t\t\t\t<\/div>\n\t\t<div class=\"elementor-element elementor-element-4e5d707 e-flex e-con-boxed e-con e-parent\" data-id=\"4e5d707\" data-element_type=\"container\" data-e-type=\"container\" data-settings=\"{&quot;background_background&quot;:&quot;classic&quot;,&quot;shape_divider_top&quot;:&quot;opacity-tilt&quot;}\">\n\t\t\t\t\t<div class=\"e-con-inner\">\n\t\t\t\t<div class=\"elementor-shape elementor-shape-top\" aria-hidden=\"true\" data-negative=\"false\">\n\t\t\t<svg xmlns=\"http:\/\/www.w3.org\/2000\/svg\" viewBox=\"0 0 2600 131.1\" preserveAspectRatio=\"none\">\n\t<path class=\"elementor-shape-fill\" d=\"M0 0L2600 0 2600 69.1 0 0z\"\/>\n\t<path class=\"elementor-shape-fill\" style=\"opacity:0.5\" d=\"M0 0L2600 0 2600 69.1 0 69.1z\"\/>\n\t<path class=\"elementor-shape-fill\" style=\"opacity:0.25\" d=\"M2600 0L0 0 0 130.1 2600 69.1z\"\/>\n<\/svg>\t\t<\/div>\n\t\t<div class=\"elementor-element elementor-element-597f5e5 e-con-full e-flex e-con e-child\" data-id=\"597f5e5\" data-element_type=\"container\" data-e-type=\"container\">\n\t\t\t\t<div class=\"elementor-element elementor-element-61ed62e elementor-widget elementor-widget-menu-anchor\" data-id=\"61ed62e\" data-element_type=\"widget\" data-e-type=\"widget\" data-widget_type=\"menu-anchor.default\">\n\t\t\t\t<div class=\"elementor-widget-container\">\n\t\t\t\t\t\t\t<div class=\"elementor-menu-anchor\" id=\"qualifikationen\"><\/div>\n\t\t\t\t\t\t<\/div>\n\t\t\t\t<\/div>\n\t\t\t\t<div class=\"elementor-element elementor-element-704ea0b elementor-widget elementor-widget-heading\" data-id=\"704ea0b\" data-element_type=\"widget\" data-e-type=\"widget\" data-widget_type=\"heading.default\">\n\t\t\t\t<div class=\"elementor-widget-container\">\n\t\t\t\t\t<h3 class=\"elementor-heading-title elementor-size-default\">Qualifikationen <\/h3>\t\t\t\t<\/div>\n\t\t\t\t<\/div>\n\t\t\t\t<div class=\"elementor-element elementor-element-95c143a elementor-widget__width-initial elementor-widget-divider--view-line elementor-widget elementor-widget-divider\" data-id=\"95c143a\" data-element_type=\"widget\" data-e-type=\"widget\" data-widget_type=\"divider.default\">\n\t\t\t\t<div class=\"elementor-widget-container\">\n\t\t\t\t\t\t\t<div class=\"elementor-divider\">\n\t\t\t<span class=\"elementor-divider-separator\">\n\t\t\t\t\t\t<\/span>\n\t\t<\/div>\n\t\t\t\t\t\t<\/div>\n\t\t\t\t<\/div>\n\t\t\t\t<div class=\"elementor-element elementor-element-78111d4 elementor-widget elementor-widget-text-editor\" data-id=\"78111d4\" data-element_type=\"widget\" data-e-type=\"widget\" data-widget_type=\"text-editor.default\">\n\t\t\t\t<div class=\"elementor-widget-container\">\n\t\t\t\t\t\t\t\t\t<p style=\"font-weight: 400;\">Meine Qualifikation als Coach ziehe ich aus zahlreichen Seminaren, Hospitationen und Kursen sowie langj\u00e4hriger Berufserfahrung, u.a. in meinen Rollen als F\u00fchrungskraft und Projektleitung.<\/p><p><span style=\"font-weight: 400;\">Aktuell: \u201ePsychologie der Ver\u00e4nderung \u2013 emotional intelligent coachen\u201c<\/span>\u00a0bei <a href=\"https:\/\/dietz-coaching.com\" target=\"_blank\" rel=\"noopener\">Dietz Coaching<\/a>.<\/p><p>Die Weiterbildung ist anerkannt vom\u00a0<a href=\"https:\/\/www.dbvc.de\/coach-werden\/coaching-weiterbildungsanbieter\" target=\"_blank\" rel=\"noopener\">Deutschen Bundesverband Coaching (DBVC)<\/a>\u00a0sowie von der\u00a0<a style=\"font-family: var( --e-global-typography-text-font-family ), Sans-serif; font-weight: var( --e-global-typography-text-font-weight ); text-align: var(--text-align);\" href=\"https:\/\/www.iobc.org\/de\/zertifizierung\/weiterbildungen\" target=\"_blank\" rel=\"noopener\">International Organization for Business Coaching e.V. (IOBC)<\/a><\/p><p>(Angestrebter Abschluss November 2025)<\/p>\t\t\t\t\t\t\t\t<\/div>\n\t\t\t\t<\/div>\n\t\t\t\t<\/div>\n\t\t\t\t\t<\/div>\n\t\t\t\t<\/div>\n\t\t<div class=\"elementor-element elementor-element-462fdf1 e-flex e-con-boxed e-con e-parent\" data-id=\"462fdf1\" data-element_type=\"container\" data-e-type=\"container\" data-settings=\"{&quot;background_background&quot;:&quot;classic&quot;}\">\n\t\t\t\t\t<div class=\"e-con-inner\">\n\t\t<div class=\"elementor-element elementor-element-bffacc6 e-con-full e-flex e-con e-child\" data-id=\"bffacc6\" data-element_type=\"container\" data-e-type=\"container\">\n\t\t\t\t<div class=\"elementor-element elementor-element-d5bc76a elementor-widget elementor-widget-heading\" data-id=\"d5bc76a\" data-element_type=\"widget\" data-e-type=\"widget\" data-widget_type=\"heading.default\">\n\t\t\t\t<div class=\"elementor-widget-container\">\n\t\t\t\t\t<h3 class=\"elementor-heading-title elementor-size-default\">Weitere relevante Fortbildungen<\/h3>\t\t\t\t<\/div>\n\t\t\t\t<\/div>\n\t\t\t\t<div class=\"elementor-element elementor-element-8f15c38 elementor-widget elementor-widget-text-editor\" data-id=\"8f15c38\" data-element_type=\"widget\" data-e-type=\"widget\" data-widget_type=\"text-editor.default\">\n\t\t\t\t<div class=\"elementor-widget-container\">\n\t\t\t\t\t\t\t\t\t<ul><li>2024: Mindset Matters (Culture Contact)<\/li><li>2022: Coaching Skills Basecamp (Axialent)<\/li><li>2020-2022: Me, myself and others I, II, III (Dietz Training)<\/li><li>2019: Live Authentic Leadership 2 (Axialent)<\/li><li>2017: Fundamentals of Authentic Leadership (Axialent)<\/li><li>2016: Live Authentic Leadership 1 (Axialent)<\/li><\/ul>\t\t\t\t\t\t\t\t<\/div>\n\t\t\t\t<\/div>\n\t\t\t\t<div class=\"elementor-element elementor-element-236e606 elementor-widget elementor-widget-heading\" data-id=\"236e606\" data-element_type=\"widget\" data-e-type=\"widget\" data-widget_type=\"heading.default\">\n\t\t\t\t<div class=\"elementor-widget-container\">\n\t\t\t\t\t<h3 class=\"elementor-heading-title elementor-size-default\">Schwerpunkte meiner Arbeit<\/h3>\t\t\t\t<\/div>\n\t\t\t\t<\/div>\n\t\t\t\t<div class=\"elementor-element elementor-element-db61a47 elementor-widget elementor-widget-text-editor\" data-id=\"db61a47\" data-element_type=\"widget\" data-e-type=\"widget\" data-widget_type=\"text-editor.default\">\n\t\t\t\t<div class=\"elementor-widget-container\">\n\t\t\t\t\t\t\t\t\t<ul><li data-start=\"3733\" data-end=\"3766\"><p data-start=\"3735\" data-end=\"3766\">Systemische Coaching-Methoden<\/p><\/li><li data-start=\"3767\" data-end=\"3804\"><p data-start=\"3769\" data-end=\"3804\">Arbeit mit inneren Anteilen (IFS)<\/p><\/li><li data-start=\"3805\" data-end=\"3851\"><p data-start=\"3807\" data-end=\"3851\">K\u00f6rperorientierte Selbsterfahrung (Hakomi)<\/p><\/li><li data-start=\"3906\" data-end=\"3949\"><p data-start=\"3908\" data-end=\"3949\">Authentic Leadership &amp; achtsame F\u00fchrung<\/p><\/li><li data-start=\"3950\" data-end=\"4007\"><p data-start=\"3952\" data-end=\"4007\">Prozessbegleitung bei Ver\u00e4nderung und Neuorientierung<\/p><\/li><\/ul>\t\t\t\t\t\t\t\t<\/div>\n\t\t\t\t<\/div>\n\t\t\t\t<\/div>\n\t\t\t\t\t<\/div>\n\t\t\t\t<\/div>\n\t\t<div class=\"elementor-element elementor-element-fdb86e1 e-flex e-con-boxed e-con e-parent\" data-id=\"fdb86e1\" data-element_type=\"container\" data-e-type=\"container\" data-settings=\"{&quot;background_background&quot;:&quot;classic&quot;,&quot;shape_divider_top&quot;:&quot;opacity-tilt&quot;}\">\n\t\t\t\t\t<div class=\"e-con-inner\">\n\t\t\t\t<div class=\"elementor-shape elementor-shape-top\" aria-hidden=\"true\" data-negative=\"false\">\n\t\t\t<svg xmlns=\"http:\/\/www.w3.org\/2000\/svg\" viewBox=\"0 0 2600 131.1\" preserveAspectRatio=\"none\">\n\t<path class=\"elementor-shape-fill\" d=\"M0 0L2600 0 2600 69.1 0 0z\"\/>\n\t<path class=\"elementor-shape-fill\" style=\"opacity:0.5\" d=\"M0 0L2600 0 2600 69.1 0 69.1z\"\/>\n\t<path class=\"elementor-shape-fill\" style=\"opacity:0.25\" d=\"M2600 0L0 0 0 130.1 2600 69.1z\"\/>\n<\/svg>\t\t<\/div>\n\t\t<div class=\"elementor-element elementor-element-55718a9 e-con-full e-flex e-con e-child\" data-id=\"55718a9\" data-element_type=\"container\" data-e-type=\"container\">\n\t\t\t\t<div class=\"elementor-element elementor-element-bca8382 elementor-widget elementor-widget-menu-anchor\" data-id=\"bca8382\" data-element_type=\"widget\" data-e-type=\"widget\" data-widget_type=\"menu-anchor.default\">\n\t\t\t\t<div class=\"elementor-widget-container\">\n\t\t\t\t\t\t\t<div class=\"elementor-menu-anchor\" id=\"sprachen\"><\/div>\n\t\t\t\t\t\t<\/div>\n\t\t\t\t<\/div>\n\t\t\t\t<div class=\"elementor-element elementor-element-bee63b4 elementor-widget elementor-widget-heading\" data-id=\"bee63b4\" data-element_type=\"widget\" data-e-type=\"widget\" data-widget_type=\"heading.default\">\n\t\t\t\t<div class=\"elementor-widget-container\">\n\t\t\t\t\t<h3 class=\"elementor-heading-title elementor-size-default\">Sprachen<\/h3>\t\t\t\t<\/div>\n\t\t\t\t<\/div>\n\t\t\t\t<div class=\"elementor-element elementor-element-606f008 elementor-widget__width-initial elementor-widget-divider--view-line elementor-widget elementor-widget-divider\" data-id=\"606f008\" data-element_type=\"widget\" data-e-type=\"widget\" data-widget_type=\"divider.default\">\n\t\t\t\t<div class=\"elementor-widget-container\">\n\t\t\t\t\t\t\t<div class=\"elementor-divider\">\n\t\t\t<span class=\"elementor-divider-separator\">\n\t\t\t\t\t\t<\/span>\n\t\t<\/div>\n\t\t\t\t\t\t<\/div>\n\t\t\t\t<\/div>\n\t\t\t\t<div class=\"elementor-element elementor-element-59f409b elementor-widget elementor-widget-text-editor\" data-id=\"59f409b\" data-element_type=\"widget\" data-e-type=\"widget\" data-widget_type=\"text-editor.default\">\n\t\t\t\t<div class=\"elementor-widget-container\">\n\t\t\t\t\t\t\t\t\t<p>Ich arbeite und coache dreisprachig: <strong>Deutsch, Spanisch, Englisch<\/strong><\/p><p>Nach insgesamt zehn Jahren in Mexiko und mit Spanisch als Familiensprache ist Spanisch meine zweite Muttersprache geworden. Englisch war 14 Jahre lang meine Arbeitssprache und ist dadurch flie\u00dfend.<\/p>\t\t\t\t\t\t\t\t<\/div>\n\t\t\t\t<\/div>\n\t\t\t\t<\/div>\n\t\t\t\t\t<\/div>\n\t\t\t\t<\/div>\n\t\t\t\t<\/div>\n\t\t","protected":false},"excerpt":{"rendered":"<p>\u00dcBER MICH \u00dcber den Zauber der Ver\u00e4nderung Ver\u00e4nderung ist wohl die gr\u00f6\u00dfte Konstante in meinem Leben. Manchmal leise, manchmal kraftvoll und unumkehrbar.Was mich heute antreibt, ist die \u00dcberzeugung, dass in jedem Umbruch \u2013 ob selbst gew\u00e4hlt oder von au\u00dfen ausgel\u00f6st \u2013 ein gro\u00dfes Potenzial zur inneren Entwicklung steckt. Eine gesundheitliche Krise vor einigen Jahren hat [&hellip;]<\/p>\n","protected":false},"author":1,"featured_media":0,"parent":0,"menu_order":0,"comment_status":"closed","ping_status":"closed","template":"","meta":{"footnotes":""},"class_list":["post-1817","page","type-page","status-publish","hentry"],"yoast_head":"<!-- This site is optimized with the Yoast SEO plugin v27.4 - https:\/\/yoast.com\/product\/yoast-seo-wordpress\/ -->\n<title>\u00dcber mich<\/title>\n<meta name=\"description\" content=\"\u00dcBER MICH \u00dcber den Zauber der Ver\u00e4nderung Ver\u00e4nderung ist wohl die gr\u00f6\u00dfte Konstante in meinem Leben. Manchmal leise, manchmal kraftvoll und unumkehrbar.Was mich heute antreibt, ist die \u00dcberzeugung, dass in jedem Umbruch \u2013 ob selbst gew\u00e4hlt oder von au\u00dfen ausgel\u00f6st \u2013 ein gro\u00dfes Potenzial zur inneren Entwicklung steckt.Eine gesundheitliche Krise vor einigen Jahren hat mein&hellip;\" \/>\n<meta name=\"robots\" content=\"index, follow, max-snippet:-1, max-image-preview:large, max-video-preview:-1\" \/>\n<link rel=\"canonical\" href=\"http:\/\/\u00dcBER%20MICH%20\u00dcber%20den%20Zauber%20der%20Ver\u00e4nderung%20Ver\u00e4nderung%20ist%20wohl%20die%20gr\u00f6\u00dfte%20Konstante%20in%20meinem%20Leben.%20Manchmal%20leise,%20manchmal%20kraftvoll%20und%20unumkehrbar.Was%20mich%20heute%20antreibt,%20ist%20die%20\u00dcberzeugung,%20dass%20in%20jedem%20Umbruch%20\u2013%20ob%20selbst%20gew\u00e4hlt%20oder%20von%20au\u00dfen%20ausgel\u00f6st%20\u2013%20ein%20gro\u00dfes%20Potenzial%20zur%20inneren%20Entwicklung%20steckt.Eine%20gesundheitliche%20Krise%20vor%20einigen%20Jahren%20hat%20mein&hellip;\" \/>\n<meta property=\"og:locale\" content=\"es_ES\" \/>\n<meta property=\"og:type\" content=\"article\" \/>\n<meta property=\"og:title\" content=\"\u00dcber mich\" \/>\n<meta property=\"og:description\" content=\"\u00dcBER MICH \u00dcber den Zauber der Ver\u00e4nderung Ver\u00e4nderung ist wohl die gr\u00f6\u00dfte Konstante in meinem Leben. Manchmal leise, manchmal kraftvoll und unumkehrbar.Was mich heute antreibt, ist die \u00dcberzeugung, dass in jedem Umbruch \u2013 ob selbst gew\u00e4hlt oder von au\u00dfen ausgel\u00f6st \u2013 ein gro\u00dfes Potenzial zur inneren Entwicklung steckt.Eine gesundheitliche Krise vor einigen Jahren hat mein&hellip;\" \/>\n<meta property=\"og:url\" content=\"https:\/\/magdalenalobisch.de\/es\/ueber-mich-2\/\" \/>\n<meta property=\"og:site_name\" content=\"MAGDALENA LOBISCH\" \/>\n<meta property=\"article:modified_time\" content=\"2026-03-23T12:07:03+00:00\" \/>\n<meta property=\"og:image\" content=\"https:\/\/magdalenalobisch.de\/wp-content\/uploads\/2024\/12\/magdalena.jpg\" \/>\n\t<meta property=\"og:image:width\" content=\"940\" \/>\n\t<meta property=\"og:image:height\" content=\"788\" \/>\n\t<meta property=\"og:image:type\" content=\"image\/jpeg\" \/>\n<meta name=\"twitter:card\" content=\"summary_large_image\" \/>\n<meta name=\"twitter:label1\" content=\"Tiempo de lectura\" \/>\n\t<meta name=\"twitter:data1\" content=\"3 minutos\" \/>\n<script type=\"application\/ld+json\" class=\"yoast-schema-graph\">{\"@context\":\"https:\\\/\\\/schema.org\",\"@graph\":[{\"@type\":\"WebPage\",\"@id\":\"https:\\\/\\\/magdalenalobisch.de\\\/es\\\/ueber-mich-2\\\/\",\"url\":\"https:\\\/\\\/magdalenalobisch.de\\\/es\\\/ueber-mich-2\\\/\",\"name\":\"\u00dcber mich - MAGDALENA LOBISCH\",\"isPartOf\":{\"@id\":\"https:\\\/\\\/magdalenalobisch.de\\\/#website\"},\"primaryImageOfPage\":{\"@id\":\"https:\\\/\\\/magdalenalobisch.de\\\/es\\\/ueber-mich-2\\\/#primaryimage\"},\"image\":{\"@id\":\"https:\\\/\\\/magdalenalobisch.de\\\/es\\\/ueber-mich-2\\\/#primaryimage\"},\"thumbnailUrl\":\"https:\\\/\\\/magdalenalobisch.de\\\/wp-content\\\/uploads\\\/2024\\\/12\\\/magdalena.jpg\",\"datePublished\":\"2025-10-22T10:59:17+00:00\",\"dateModified\":\"2026-03-23T12:07:03+00:00\",\"breadcrumb\":{\"@id\":\"https:\\\/\\\/magdalenalobisch.de\\\/es\\\/ueber-mich-2\\\/#breadcrumb\"},\"inLanguage\":\"es\",\"potentialAction\":[{\"@type\":\"ReadAction\",\"target\":[\"https:\\\/\\\/magdalenalobisch.de\\\/es\\\/ueber-mich-2\\\/\"]}]},{\"@type\":\"ImageObject\",\"inLanguage\":\"es\",\"@id\":\"https:\\\/\\\/magdalenalobisch.de\\\/es\\\/ueber-mich-2\\\/#primaryimage\",\"url\":\"https:\\\/\\\/magdalenalobisch.de\\\/wp-content\\\/uploads\\\/2024\\\/12\\\/magdalena.jpg\",\"contentUrl\":\"https:\\\/\\\/magdalenalobisch.de\\\/wp-content\\\/uploads\\\/2024\\\/12\\\/magdalena.jpg\"},{\"@type\":\"BreadcrumbList\",\"@id\":\"https:\\\/\\\/magdalenalobisch.de\\\/es\\\/ueber-mich-2\\\/#breadcrumb\",\"itemListElement\":[{\"@type\":\"ListItem\",\"position\":1,\"name\":\"Magdalena Lobisch - Coaching\",\"item\":\"https:\\\/\\\/magdalenalobisch.de\\\/\"},{\"@type\":\"ListItem\",\"position\":2,\"name\":\"\u00dcber mich\"}]},{\"@type\":\"WebSite\",\"@id\":\"https:\\\/\\\/magdalenalobisch.de\\\/es\\\/#website\",\"url\":\"https:\\\/\\\/magdalenalobisch.de\\\/es\\\/\",\"name\":\"MAGDALENA LOBISCH\",\"description\":\"COACHING\",\"publisher\":{\"@id\":\"https:\\\/\\\/magdalenalobisch.de\\\/es\\\/#organization\"},\"potentialAction\":[{\"@type\":\"SearchAction\",\"target\":{\"@type\":\"EntryPoint\",\"urlTemplate\":\"https:\\\/\\\/magdalenalobisch.de\\\/es\\\/?s={search_term_string}\"},\"query-input\":{\"@type\":\"PropertyValueSpecification\",\"valueRequired\":true,\"valueName\":\"search_term_string\"}}],\"inLanguage\":\"es\"},{\"@type\":\"Organization\",\"@id\":\"https:\\\/\\\/magdalenalobisch.de\\\/es\\\/#organization\",\"name\":\"MAGDALENA LOBISCH\",\"url\":\"https:\\\/\\\/magdalenalobisch.de\\\/es\\\/\",\"logo\":{\"@type\":\"ImageObject\",\"inLanguage\":\"es\",\"@id\":\"https:\\\/\\\/magdalenalobisch.de\\\/es\\\/#\\\/schema\\\/logo\\\/image\\\/\",\"url\":\"https:\\\/\\\/magdalenalobisch.de\\\/wp-content\\\/uploads\\\/2024\\\/12\\\/logo_schwarz.png\",\"contentUrl\":\"https:\\\/\\\/magdalenalobisch.de\\\/wp-content\\\/uploads\\\/2024\\\/12\\\/logo_schwarz.png\",\"width\":528,\"height\":448,\"caption\":\"MAGDALENA LOBISCH\"},\"image\":{\"@id\":\"https:\\\/\\\/magdalenalobisch.de\\\/es\\\/#\\\/schema\\\/logo\\\/image\\\/\"},\"sameAs\":[\"https:\\\/\\\/www.instagram.com\\\/mlobisch\\\/\",\"https:\\\/\\\/www.linkedin.com\\\/in\\\/magdalena-lobisch-944719168\\\/\"]}]}<\/script>\n<!-- \/ Yoast SEO plugin. -->","yoast_head_json":{"title":"\u00dcber mich","description":"\u00dcBER MICH \u00dcber den Zauber der Ver\u00e4nderung Ver\u00e4nderung ist wohl die gr\u00f6\u00dfte Konstante in meinem Leben. Manchmal leise, manchmal kraftvoll und unumkehrbar.Was mich heute antreibt, ist die \u00dcberzeugung, dass in jedem Umbruch \u2013 ob selbst gew\u00e4hlt oder von au\u00dfen ausgel\u00f6st \u2013 ein gro\u00dfes Potenzial zur inneren Entwicklung steckt.Eine gesundheitliche Krise vor einigen Jahren hat mein&hellip;","robots":{"index":"index","follow":"follow","max-snippet":"max-snippet:-1","max-image-preview":"max-image-preview:large","max-video-preview":"max-video-preview:-1"},"canonical":"\u00dcBER MICH \u00dcber den Zauber der Ver\u00e4nderung Ver\u00e4nderung ist wohl die gr\u00f6\u00dfte Konstante in meinem Leben. Manchmal leise, manchmal kraftvoll und unumkehrbar.Was mich heute antreibt, ist die \u00dcberzeugung, dass in jedem Umbruch \u2013 ob selbst gew\u00e4hlt oder von au\u00dfen ausgel\u00f6st \u2013 ein gro\u00dfes Potenzial zur inneren Entwicklung steckt.Eine gesundheitliche Krise vor einigen Jahren hat mein&hellip;","og_locale":"es_ES","og_type":"article","og_title":"\u00dcber mich","og_description":"\u00dcBER MICH \u00dcber den Zauber der Ver\u00e4nderung Ver\u00e4nderung ist wohl die gr\u00f6\u00dfte Konstante in meinem Leben. Manchmal leise, manchmal kraftvoll und unumkehrbar.Was mich heute antreibt, ist die \u00dcberzeugung, dass in jedem Umbruch \u2013 ob selbst gew\u00e4hlt oder von au\u00dfen ausgel\u00f6st \u2013 ein gro\u00dfes Potenzial zur inneren Entwicklung steckt.Eine gesundheitliche Krise vor einigen Jahren hat mein&hellip;","og_url":"https:\/\/magdalenalobisch.de\/es\/ueber-mich-2\/","og_site_name":"MAGDALENA LOBISCH","article_modified_time":"2026-03-23T12:07:03+00:00","og_image":[{"width":940,"height":788,"url":"https:\/\/magdalenalobisch.de\/wp-content\/uploads\/2024\/12\/magdalena.jpg","type":"image\/jpeg"}],"twitter_card":"summary_large_image","twitter_misc":{"Tiempo de lectura":"3 minutos"},"schema":{"@context":"https:\/\/schema.org","@graph":[{"@type":"WebPage","@id":"https:\/\/magdalenalobisch.de\/es\/ueber-mich-2\/","url":"https:\/\/magdalenalobisch.de\/es\/ueber-mich-2\/","name":"\u00dcber mich - MAGDALENA LOBISCH","isPartOf":{"@id":"https:\/\/magdalenalobisch.de\/#website"},"primaryImageOfPage":{"@id":"https:\/\/magdalenalobisch.de\/es\/ueber-mich-2\/#primaryimage"},"image":{"@id":"https:\/\/magdalenalobisch.de\/es\/ueber-mich-2\/#primaryimage"},"thumbnailUrl":"https:\/\/magdalenalobisch.de\/wp-content\/uploads\/2024\/12\/magdalena.jpg","datePublished":"2025-10-22T10:59:17+00:00","dateModified":"2026-03-23T12:07:03+00:00","breadcrumb":{"@id":"https:\/\/magdalenalobisch.de\/es\/ueber-mich-2\/#breadcrumb"},"inLanguage":"es","potentialAction":[{"@type":"ReadAction","target":["https:\/\/magdalenalobisch.de\/es\/ueber-mich-2\/"]}]},{"@type":"ImageObject","inLanguage":"es","@id":"https:\/\/magdalenalobisch.de\/es\/ueber-mich-2\/#primaryimage","url":"https:\/\/magdalenalobisch.de\/wp-content\/uploads\/2024\/12\/magdalena.jpg","contentUrl":"https:\/\/magdalenalobisch.de\/wp-content\/uploads\/2024\/12\/magdalena.jpg"},{"@type":"BreadcrumbList","@id":"https:\/\/magdalenalobisch.de\/es\/ueber-mich-2\/#breadcrumb","itemListElement":[{"@type":"ListItem","position":1,"name":"Magdalena Lobisch - Coaching","item":"https:\/\/magdalenalobisch.de\/"},{"@type":"ListItem","position":2,"name":"\u00dcber mich"}]},{"@type":"WebSite","@id":"https:\/\/magdalenalobisch.de\/es\/#website","url":"https:\/\/magdalenalobisch.de\/es\/","name":"MAGDALENA LOBISCH","description":"COACHING","publisher":{"@id":"https:\/\/magdalenalobisch.de\/es\/#organization"},"potentialAction":[{"@type":"SearchAction","target":{"@type":"EntryPoint","urlTemplate":"https:\/\/magdalenalobisch.de\/es\/?s={search_term_string}"},"query-input":{"@type":"PropertyValueSpecification","valueRequired":true,"valueName":"search_term_string"}}],"inLanguage":"es"},{"@type":"Organization","@id":"https:\/\/magdalenalobisch.de\/es\/#organization","name":"MAGDALENA LOBISCH","url":"https:\/\/magdalenalobisch.de\/es\/","logo":{"@type":"ImageObject","inLanguage":"es","@id":"https:\/\/magdalenalobisch.de\/es\/#\/schema\/logo\/image\/","url":"https:\/\/magdalenalobisch.de\/wp-content\/uploads\/2024\/12\/logo_schwarz.png","contentUrl":"https:\/\/magdalenalobisch.de\/wp-content\/uploads\/2024\/12\/logo_schwarz.png","width":528,"height":448,"caption":"MAGDALENA LOBISCH"},"image":{"@id":"https:\/\/magdalenalobisch.de\/es\/#\/schema\/logo\/image\/"},"sameAs":["https:\/\/www.instagram.com\/mlobisch\/","https:\/\/www.linkedin.com\/in\/magdalena-lobisch-944719168\/"]}]}},"_links":{"self":[{"href":"https:\/\/magdalenalobisch.de\/es\/wp-json\/wp\/v2\/pages\/1817","targetHints":{"allow":["GET"]}}],"collection":[{"href":"https:\/\/magdalenalobisch.de\/es\/wp-json\/wp\/v2\/pages"}],"about":[{"href":"https:\/\/magdalenalobisch.de\/es\/wp-json\/wp\/v2\/types\/page"}],"author":[{"embeddable":true,"href":"https:\/\/magdalenalobisch.de\/es\/wp-json\/wp\/v2\/users\/1"}],"replies":[{"embeddable":true,"href":"https:\/\/magdalenalobisch.de\/es\/wp-json\/wp\/v2\/comments?post=1817"}],"version-history":[{"count":16,"href":"https:\/\/magdalenalobisch.de\/es\/wp-json\/wp\/v2\/pages\/1817\/revisions"}],"predecessor-version":[{"id":2689,"href":"https:\/\/magdalenalobisch.de\/es\/wp-json\/wp\/v2\/pages\/1817\/revisions\/2689"}],"wp:attachment":[{"href":"https:\/\/magdalenalobisch.de\/es\/wp-json\/wp\/v2\/media?parent=1817"}],"curies":[{"name":"wp","href":"https:\/\/api.w.org\/{rel}","templated":true}]}}