{"id":1780,"date":"2025-10-08T10:15:42","date_gmt":"2025-10-08T10:15:42","guid":{"rendered":"https:\/\/magdalenalobisch.de\/?page_id=1780"},"modified":"2025-10-27T10:29:36","modified_gmt":"2025-10-27T10:29:36","slug":"magdalena-lobisch-coaching-2","status":"publish","type":"page","link":"https:\/\/magdalenalobisch.de\/en\/magdalena-lobisch-coaching-2\/","title":{"rendered":"Magdalena Lobisch - Coaching"},"content":{"rendered":"\t\t<div data-elementor-type=\"wp-post\" data-elementor-id=\"1780\" class=\"elementor elementor-1780\" data-elementor-post-type=\"page\">\n\t\t\t\t<div class=\"elementor-element elementor-element-c1bce20 e-flex e-con-boxed e-con e-parent\" data-id=\"c1bce20\" data-element_type=\"container\" data-e-type=\"container\" data-settings=\"{&quot;background_background&quot;:&quot;classic&quot;}\">\n\t\t\t\t\t<div class=\"e-con-inner\">\n\t\t<div class=\"elementor-element elementor-element-6da41d8 e-con-full e-flex e-con e-child\" data-id=\"6da41d8\" data-element_type=\"container\" data-e-type=\"container\">\n\t\t<div class=\"elementor-element elementor-element-f38b0a0 e-con-full e-flex e-con e-child\" data-id=\"f38b0a0\" data-element_type=\"container\" data-e-type=\"container\">\n\t\t\t\t<div class=\"elementor-element elementor-element-a781721 elementor-widget elementor-widget-text-editor\" data-id=\"a781721\" data-element_type=\"widget\" data-e-type=\"widget\" data-widget_type=\"text-editor.default\">\n\t\t\t\t<div class=\"elementor-widget-container\">\n\t\t\t\t\t\t\t\t\t<h3>Du hast alles, um Ver\u00e4nderung bewusst zu gestalten.<\/h3><p>Ich begleite dich achtsam, zielorientiert und systematisch.<\/p>\t\t\t\t\t\t\t\t<\/div>\n\t\t\t\t<\/div>\n\t\t\t\t<\/div>\n\t\t\t\t<\/div>\n\t\t\t\t\t<\/div>\n\t\t\t\t<\/div>\n\t\t<div class=\"elementor-element elementor-element-654c19f e-flex e-con-boxed e-con e-parent\" data-id=\"654c19f\" data-element_type=\"container\" data-e-type=\"container\" data-settings=\"{&quot;background_background&quot;:&quot;classic&quot;}\">\n\t\t\t\t\t<div class=\"e-con-inner\">\n\t\t<div class=\"elementor-element elementor-element-d449253 e-con-full e-flex e-con e-child\" data-id=\"d449253\" data-element_type=\"container\" data-e-type=\"container\">\n\t\t\t\t<div class=\"elementor-element elementor-element-34ed80a elementor-widget elementor-widget-heading\" data-id=\"34ed80a\" data-element_type=\"widget\" data-e-type=\"widget\" data-widget_type=\"heading.default\">\n\t\t\t\t<div class=\"elementor-widget-container\">\n\t\t\t\t\t<h2 class=\"elementor-heading-title elementor-size-default\">Mit Ver\u00e4nderung wachsen<\/h2>\t\t\t\t<\/div>\n\t\t\t\t<\/div>\n\t\t\t\t<div class=\"elementor-element elementor-element-a5ae0ef elementor-widget elementor-widget-text-editor\" data-id=\"a5ae0ef\" data-element_type=\"widget\" data-e-type=\"widget\" data-widget_type=\"text-editor.default\">\n\t\t\t\t<div class=\"elementor-widget-container\">\n\t\t\t\t\t\t\t\t\t<table width=\"425\">\n<tbody>\n<tr>\n<td width=\"425\">Ver\u00e4nderung ist selten bequem. Sie kann uns heftig verunsichern, bestehende Strukturen aufbrechen und uns vor Herausforderungen stellen, die wir so nicht geplant oder vorausgesehen hatten. Gleichzeitig birgt sie auch immer ein gro\u00dfes Geschenk: die Chance, Neues zu entdecken und zu wachsen.\n\nIn meinem Coaching biete ich einen Raum, in dem Du wieder zu Dir selbst finden kannst. Gemeinsam erkunden wir, welche Muster Dich bisher gelenkt haben, welche alten Geschichten Dich vielleicht bremsen und wie Du Klarheit und Handlungsfreiheit zur\u00fcckgewinnen kannst.\n\nOb beruflich oder privat, in \u00dcbergangsphasen oder in pers\u00f6nlichen Krisen \u2013 es geht darum, Dich wieder sicher zu verankern, bewusste Entscheidungen zu treffen und Deinen eigenen Weg zu gehen. Alles, was Du an Erfahrungen und Herausforderungen mitbringst, ist dabei wertvoll und flie\u00dft in den Prozess ein.<\/td>\n<\/tr>\n<\/tbody>\n<\/table>\t\t\t\t\t\t\t\t<\/div>\n\t\t\t\t<\/div>\n\t\t\t\t<\/div>\n\t\t<div class=\"elementor-element elementor-element-2d5c49e e-con-full e-flex e-con e-child\" data-id=\"2d5c49e\" data-element_type=\"container\" data-e-type=\"container\">\n\t\t\t\t<div class=\"elementor-element elementor-element-8ab5392 elementor-widget elementor-widget-image\" data-id=\"8ab5392\" data-element_type=\"widget\" data-e-type=\"widget\" data-widget_type=\"image.default\">\n\t\t\t\t<div class=\"elementor-widget-container\">\n\t\t\t\t\t\t\t\t\t\t\t\t\t\t\t<img fetchpriority=\"high\" decoding=\"async\" width=\"800\" height=\"534\" src=\"https:\/\/magdalenalobisch.de\/wp-content\/uploads\/2024\/12\/DSCF8872-1024x683.jpg\" class=\"attachment-large size-large wp-image-48\" alt=\"\" srcset=\"https:\/\/magdalenalobisch.de\/wp-content\/uploads\/2024\/12\/DSCF8872-1024x683.jpg 1024w, https:\/\/magdalenalobisch.de\/wp-content\/uploads\/2024\/12\/DSCF8872-300x200.jpg 300w, https:\/\/magdalenalobisch.de\/wp-content\/uploads\/2024\/12\/DSCF8872-768x512.jpg 768w, https:\/\/magdalenalobisch.de\/wp-content\/uploads\/2024\/12\/DSCF8872-1536x1024.jpg 1536w, https:\/\/magdalenalobisch.de\/wp-content\/uploads\/2024\/12\/DSCF8872-2048x1365.jpg 2048w\" sizes=\"(max-width: 800px) 100vw, 800px\" \/>\t\t\t\t\t\t\t\t\t\t\t\t\t\t\t<\/div>\n\t\t\t\t<\/div>\n\t\t\t\t<\/div>\n\t\t\t\t\t<\/div>\n\t\t\t\t<\/div>\n\t\t<div class=\"elementor-element elementor-element-dde5f04 e-flex e-con-boxed e-con e-parent\" data-id=\"dde5f04\" data-element_type=\"container\" data-e-type=\"container\" data-settings=\"{&quot;background_background&quot;:&quot;classic&quot;,&quot;shape_divider_top&quot;:&quot;opacity-tilt&quot;}\">\n\t\t\t\t\t<div class=\"e-con-inner\">\n\t\t\t\t<div class=\"elementor-shape elementor-shape-top\" aria-hidden=\"true\" data-negative=\"false\">\n\t\t\t<svg xmlns=\"http:\/\/www.w3.org\/2000\/svg\" viewBox=\"0 0 2600 131.1\" preserveAspectRatio=\"none\">\n\t<path class=\"elementor-shape-fill\" d=\"M0 0L2600 0 2600 69.1 0 0z\"\/>\n\t<path class=\"elementor-shape-fill\" style=\"opacity:0.5\" d=\"M0 0L2600 0 2600 69.1 0 69.1z\"\/>\n\t<path class=\"elementor-shape-fill\" style=\"opacity:0.25\" d=\"M2600 0L0 0 0 130.1 2600 69.1z\"\/>\n<\/svg>\t\t<\/div>\n\t\t<div class=\"elementor-element elementor-element-14eea59 e-con-full e-flex e-con e-child\" data-id=\"14eea59\" data-element_type=\"container\" data-e-type=\"container\">\n\t\t\t\t<div class=\"elementor-element elementor-element-c2c9321 elementor-widget elementor-widget-heading\" data-id=\"c2c9321\" data-element_type=\"widget\" data-e-type=\"widget\" data-widget_type=\"heading.default\">\n\t\t\t\t<div class=\"elementor-widget-container\">\n\t\t\t\t\t<h2 class=\"elementor-heading-title elementor-size-default\">Du m\u00f6chtest...<\/h2>\t\t\t\t<\/div>\n\t\t\t\t<\/div>\n\t\t\t\t<div class=\"elementor-element elementor-element-69e5777 elementor-widget elementor-widget-text-editor\" data-id=\"69e5777\" data-element_type=\"widget\" data-e-type=\"widget\" data-widget_type=\"text-editor.default\">\n\t\t\t\t<div class=\"elementor-widget-container\">\n\t\t\t\t\t\t\t\t\t<ul><li>eine Krise als Chance f\u00fcr pers\u00f6nliches Wachstum nutzen?<\/li><li>hinderliche Verhaltensmuster und Reaktionen ablegen?<\/li><li>mehr Gleichgewicht und Gelassenheit im Leben haben?<\/li><li>dich selbst und deine Werte besser kennenlernen?<\/li><li>Entscheidungen souver\u00e4n treffen?<\/li><li>mit dir selbst im Reinen sein?<\/li><li>ernst genommen werden?<\/li><li>Rollenkonflikte verstehen und aufl\u00f6sen?<\/li><li>Mehr Klarheit und konkrete Handlungsstrategien haben?<\/li><\/ul><p><strong>Dann kann ich dich unterst\u00fctzen!<\/strong><\/p>\t\t\t\t\t\t\t\t<\/div>\n\t\t\t\t<\/div>\n\t\t\t\t<div class=\"elementor-element elementor-element-68548f8 elementor-align-left elementor-widget elementor-widget-button\" data-id=\"68548f8\" data-element_type=\"widget\" data-e-type=\"widget\" data-widget_type=\"button.default\">\n\t\t\t\t<div class=\"elementor-widget-container\">\n\t\t\t\t\t\t\t\t\t<div class=\"elementor-button-wrapper\">\n\t\t\t\t\t<a class=\"elementor-button elementor-button-link elementor-size-sm\" href=\"\/coaching\">\n\t\t\t\t\t\t<span class=\"elementor-button-content-wrapper\">\n\t\t\t\t\t\t\t\t\t<span class=\"elementor-button-text\">Weiterlesen<\/span>\n\t\t\t\t\t<\/span>\n\t\t\t\t\t<\/a>\n\t\t\t\t<\/div>\n\t\t\t\t\t\t\t\t<\/div>\n\t\t\t\t<\/div>\n\t\t\t\t<\/div>\n\t\t<div class=\"elementor-element elementor-element-c8b1b39 e-con-full e-flex e-con e-child\" data-id=\"c8b1b39\" data-element_type=\"container\" data-e-type=\"container\">\n\t\t\t\t<div class=\"elementor-element elementor-element-5b031bf elementor-widget elementor-widget-image\" data-id=\"5b031bf\" data-element_type=\"widget\" data-e-type=\"widget\" data-widget_type=\"image.default\">\n\t\t\t\t<div class=\"elementor-widget-container\">\n\t\t\t\t\t\t\t\t\t\t\t\t\t\t\t<img decoding=\"async\" width=\"800\" height=\"671\" src=\"https:\/\/magdalenalobisch.de\/wp-content\/uploads\/2024\/12\/ueber_mich_4.jpg\" class=\"attachment-large size-large wp-image-144\" alt=\"\" srcset=\"https:\/\/magdalenalobisch.de\/wp-content\/uploads\/2024\/12\/ueber_mich_4.jpg 940w, https:\/\/magdalenalobisch.de\/wp-content\/uploads\/2024\/12\/ueber_mich_4-300x251.jpg 300w, https:\/\/magdalenalobisch.de\/wp-content\/uploads\/2024\/12\/ueber_mich_4-768x644.jpg 768w\" sizes=\"(max-width: 800px) 100vw, 800px\" \/>\t\t\t\t\t\t\t\t\t\t\t\t\t\t\t<\/div>\n\t\t\t\t<\/div>\n\t\t\t\t<\/div>\n\t\t\t\t\t<\/div>\n\t\t\t\t<\/div>\n\t\t<div class=\"elementor-element elementor-element-d7df7f6 e-flex e-con-boxed e-con e-parent\" data-id=\"d7df7f6\" data-element_type=\"container\" data-e-type=\"container\" data-settings=\"{&quot;background_background&quot;:&quot;classic&quot;,&quot;shape_divider_top&quot;:&quot;opacity-tilt&quot;}\">\n\t\t\t\t\t<div class=\"e-con-inner\">\n\t\t\t\t<div class=\"elementor-shape elementor-shape-top\" aria-hidden=\"true\" data-negative=\"false\">\n\t\t\t<svg xmlns=\"http:\/\/www.w3.org\/2000\/svg\" viewBox=\"0 0 2600 131.1\" preserveAspectRatio=\"none\">\n\t<path class=\"elementor-shape-fill\" d=\"M0 0L2600 0 2600 69.1 0 0z\"\/>\n\t<path class=\"elementor-shape-fill\" style=\"opacity:0.5\" d=\"M0 0L2600 0 2600 69.1 0 69.1z\"\/>\n\t<path class=\"elementor-shape-fill\" style=\"opacity:0.25\" d=\"M2600 0L0 0 0 130.1 2600 69.1z\"\/>\n<\/svg>\t\t<\/div>\n\t\t<div class=\"elementor-element elementor-element-a0ea82c e-con-full e-flex e-con e-child\" data-id=\"a0ea82c\" data-element_type=\"container\" data-e-type=\"container\">\n\t\t\t\t<div class=\"elementor-element elementor-element-7b71e61 elementor-widget elementor-widget-heading\" data-id=\"7b71e61\" data-element_type=\"widget\" data-e-type=\"widget\" data-widget_type=\"heading.default\">\n\t\t\t\t<div class=\"elementor-widget-container\">\n\t\t\t\t\t<h2 class=\"elementor-heading-title elementor-size-default\">\u00dcber mich<\/h2>\t\t\t\t<\/div>\n\t\t\t\t<\/div>\n\t\t\t\t<div class=\"elementor-element elementor-element-4825692 elementor-widget elementor-widget-text-editor\" data-id=\"4825692\" data-element_type=\"widget\" data-e-type=\"widget\" data-widget_type=\"text-editor.default\">\n\t\t\t\t<div class=\"elementor-widget-container\">\n\t\t\t\t\t\t\t\t\t<p style=\"font-weight: 400;\">Zweifache Mutter, diplomierte Kulturwirtin, ehemalige Brand- und Marketingmanagerin und F\u00fchrungskraft. Nach \u00fcber 2-j\u00e4hriger Krankheit mit schwerer Fatigue von Post Covid genesen.<\/p><p style=\"font-weight: 400;\">Als Coach\u00a0nutze ich meine berufliche und pers\u00f6nliche Erfahrung mittlerweile am liebsten, um andere auf ihrem Weg zu mehr Selbstwirksamkeit und Klarheit zu unterst\u00fctzen.<\/p><p style=\"font-weight: 400;\">Warum? Meine Haltung und das Vertrauen in mich selbst waren ma\u00dfgebliche Faktoren auf meinem Genesungsweg.<\/p>\t\t\t\t\t\t\t\t<\/div>\n\t\t\t\t<\/div>\n\t\t\t\t<div class=\"elementor-element elementor-element-0092da6 elementor-align-left elementor-widget elementor-widget-button\" data-id=\"0092da6\" data-element_type=\"widget\" data-e-type=\"widget\" data-widget_type=\"button.default\">\n\t\t\t\t<div class=\"elementor-widget-container\">\n\t\t\t\t\t\t\t\t\t<div class=\"elementor-button-wrapper\">\n\t\t\t\t\t<a class=\"elementor-button elementor-button-link elementor-size-sm\" href=\"\/ueber-mich\/\">\n\t\t\t\t\t\t<span class=\"elementor-button-content-wrapper\">\n\t\t\t\t\t\t\t\t\t<span class=\"elementor-button-text\">Weiterlesen<\/span>\n\t\t\t\t\t<\/span>\n\t\t\t\t\t<\/a>\n\t\t\t\t<\/div>\n\t\t\t\t\t\t\t\t<\/div>\n\t\t\t\t<\/div>\n\t\t\t\t<\/div>\n\t\t<div class=\"elementor-element elementor-element-6057665 e-con-full e-flex e-con e-child\" data-id=\"6057665\" data-element_type=\"container\" data-e-type=\"container\">\n\t\t\t\t<div class=\"elementor-element elementor-element-65340e0 elementor-widget elementor-widget-image\" data-id=\"65340e0\" data-element_type=\"widget\" data-e-type=\"widget\" data-widget_type=\"image.default\">\n\t\t\t\t<div class=\"elementor-widget-container\">\n\t\t\t\t\t\t\t\t\t\t\t\t\t\t\t<img decoding=\"async\" width=\"800\" height=\"671\" src=\"https:\/\/magdalenalobisch.de\/wp-content\/uploads\/2024\/12\/magdalena.jpg\" class=\"attachment-large size-large wp-image-187\" alt=\"\" srcset=\"https:\/\/magdalenalobisch.de\/wp-content\/uploads\/2024\/12\/magdalena.jpg 940w, https:\/\/magdalenalobisch.de\/wp-content\/uploads\/2024\/12\/magdalena-300x251.jpg 300w, https:\/\/magdalenalobisch.de\/wp-content\/uploads\/2024\/12\/magdalena-768x644.jpg 768w\" sizes=\"(max-width: 800px) 100vw, 800px\" \/>\t\t\t\t\t\t\t\t\t\t\t\t\t\t\t<\/div>\n\t\t\t\t<\/div>\n\t\t\t\t<\/div>\n\t\t\t\t\t<\/div>\n\t\t\t\t<\/div>\n\t\t<div class=\"elementor-element elementor-element-c84209f e-flex e-con-boxed e-con e-parent\" data-id=\"c84209f\" data-element_type=\"container\" data-e-type=\"container\" data-settings=\"{&quot;background_background&quot;:&quot;classic&quot;,&quot;shape_divider_top&quot;:&quot;opacity-tilt&quot;}\">\n\t\t\t\t\t<div class=\"e-con-inner\">\n\t\t\t\t<div class=\"elementor-shape elementor-shape-top\" aria-hidden=\"true\" data-negative=\"false\">\n\t\t\t<svg xmlns=\"http:\/\/www.w3.org\/2000\/svg\" viewBox=\"0 0 2600 131.1\" preserveAspectRatio=\"none\">\n\t<path class=\"elementor-shape-fill\" d=\"M0 0L2600 0 2600 69.1 0 0z\"\/>\n\t<path class=\"elementor-shape-fill\" style=\"opacity:0.5\" d=\"M0 0L2600 0 2600 69.1 0 69.1z\"\/>\n\t<path class=\"elementor-shape-fill\" style=\"opacity:0.25\" d=\"M2600 0L0 0 0 130.1 2600 69.1z\"\/>\n<\/svg>\t\t<\/div>\n\t\t<div class=\"elementor-element elementor-element-8beddbf e-con-full e-flex e-con e-child\" data-id=\"8beddbf\" data-element_type=\"container\" data-e-type=\"container\">\n\t\t\t\t<div class=\"elementor-element elementor-element-f760d16 elementor-widget elementor-widget-heading\" data-id=\"f760d16\" data-element_type=\"widget\" data-e-type=\"widget\" data-widget_type=\"heading.default\">\n\t\t\t\t<div class=\"elementor-widget-container\">\n\t\t\t\t\t<h2 class=\"elementor-heading-title elementor-size-default\">Kennenlernen<\/h2>\t\t\t\t<\/div>\n\t\t\t\t<\/div>\n\t\t\t\t<div class=\"elementor-element elementor-element-215e44b elementor-widget elementor-widget-text-editor\" data-id=\"215e44b\" data-element_type=\"widget\" data-e-type=\"widget\" data-widget_type=\"text-editor.default\">\n\t\t\t\t<div class=\"elementor-widget-container\">\n\t\t\t\t\t\t\t\t\t<p style=\"font-weight: 400;\">Nutze das Angebot f\u00fcr ein unverbindliches und kostenfreies erstes Gespr\u00e4ch. Du kannst mir telefonisch oder per Videocall dein Anliegen schildern, Fragen stellen und wir besprechen die geeigneten Rahmenbedingungen f\u00fcr deinen Coachingprozess. Auf Wunsch auch nat\u00fcrlich auch gerne &#8220;per Sie&#8221;.<\/p>\t\t\t\t\t\t\t\t<\/div>\n\t\t\t\t<\/div>\n\t\t\t\t<div class=\"elementor-element elementor-element-3ab095d elementor-align-left elementor-widget elementor-widget-button\" data-id=\"3ab095d\" data-element_type=\"widget\" data-e-type=\"widget\" data-widget_type=\"button.default\">\n\t\t\t\t<div class=\"elementor-widget-container\">\n\t\t\t\t\t\t\t\t\t<div class=\"elementor-button-wrapper\">\n\t\t\t\t\t<a class=\"elementor-button elementor-button-link elementor-size-sm\" href=\"\/kontakt\">\n\t\t\t\t\t\t<span class=\"elementor-button-content-wrapper\">\n\t\t\t\t\t\t\t\t\t<span class=\"elementor-button-text\">Kontakt aufnehmen<\/span>\n\t\t\t\t\t<\/span>\n\t\t\t\t\t<\/a>\n\t\t\t\t<\/div>\n\t\t\t\t\t\t\t\t<\/div>\n\t\t\t\t<\/div>\n\t\t\t\t<\/div>\n\t\t<div class=\"elementor-element elementor-element-c0cb73b e-con-full e-flex e-con e-child\" data-id=\"c0cb73b\" data-element_type=\"container\" data-e-type=\"container\">\n\t\t\t\t<div class=\"elementor-element elementor-element-3dc8298 elementor-widget elementor-widget-image\" data-id=\"3dc8298\" data-element_type=\"widget\" data-e-type=\"widget\" data-widget_type=\"image.default\">\n\t\t\t\t<div class=\"elementor-widget-container\">\n\t\t\t\t\t\t\t\t\t\t\t\t\t\t\t<img loading=\"lazy\" decoding=\"async\" width=\"800\" height=\"622\" src=\"https:\/\/magdalenalobisch.de\/wp-content\/uploads\/2024\/12\/Bildvorlage_regular.jpg\" class=\"attachment-large size-large wp-image-289\" alt=\"\" srcset=\"https:\/\/magdalenalobisch.de\/wp-content\/uploads\/2024\/12\/Bildvorlage_regular.jpg 900w, https:\/\/magdalenalobisch.de\/wp-content\/uploads\/2024\/12\/Bildvorlage_regular-300x233.jpg 300w, https:\/\/magdalenalobisch.de\/wp-content\/uploads\/2024\/12\/Bildvorlage_regular-768x597.jpg 768w\" sizes=\"(max-width: 800px) 100vw, 800px\" \/>\t\t\t\t\t\t\t\t\t\t\t\t\t\t\t<\/div>\n\t\t\t\t<\/div>\n\t\t\t\t<\/div>\n\t\t\t\t\t<\/div>\n\t\t\t\t<\/div>\n\t\t\t\t<\/div>\n\t\t","protected":false},"excerpt":{"rendered":"<p>Du hast alles, um Ver\u00e4nderung bewusst zu gestalten. Ich begleite dich achtsam, zielorientiert und systematisch. Mit Ver\u00e4nderung wachsen Ver\u00e4nderung ist selten bequem. Sie kann uns heftig verunsichern, bestehende Strukturen aufbrechen und uns vor Herausforderungen stellen, die wir so nicht geplant oder vorausgesehen hatten. Gleichzeitig birgt sie auch immer ein gro\u00dfes Geschenk: die Chance, Neues zu [&hellip;]<\/p>\n","protected":false},"author":1,"featured_media":0,"parent":0,"menu_order":0,"comment_status":"closed","ping_status":"closed","template":"","meta":{"footnotes":""},"class_list":["post-1780","page","type-page","status-publish","hentry"],"yoast_head":"<!-- This site is optimized with the Yoast SEO plugin v27.4 - https:\/\/yoast.com\/product\/yoast-seo-wordpress\/ -->\n<title>MAGDALENA LOBISCH<\/title>\n<meta name=\"description\" content=\"Zweifache Mutter, diplomierte Kulturwirtin, ehemalige Brand- und Marketingmanagerin und F\u00fchrungskraft. Nach \u00fcber 2-j\u00e4hriger Krankheit mit schwerer Fatigue von Post Covid genesen. Als Coach nutze ich meine berufliche und pers\u00f6nliche Erfahrung mittlerweile am liebsten, um andere auf ihrem Weg zu mehr Selbstwirksamkeit und Klarheit zu unterst\u00fctzen.\" \/>\n<meta name=\"robots\" content=\"index, follow, max-snippet:-1, max-image-preview:large, max-video-preview:-1\" \/>\n<link rel=\"canonical\" href=\"\" \/>\n<meta property=\"og:locale\" content=\"en_US\" \/>\n<meta property=\"og:type\" content=\"article\" \/>\n<meta property=\"og:description\" content=\"Zweifache Mutter, diplomierte Kulturwirtin, ehemalige Brand- und Marketingmanagerin und F\u00fchrungskraft. Nach \u00fcber 2-j\u00e4hriger Krankheit mit schwerer Fatigue von Post Covid genesen. Als Coach nutze ich meine berufliche und pers\u00f6nliche Erfahrung mittlerweile am liebsten, um andere auf ihrem Weg zu mehr Selbstwirksamkeit und Klarheit zu unterst\u00fctzen.\" \/>\n<meta property=\"og:url\" content=\"https:\/\/magdalenalobisch.de\/en\/magdalena-lobisch-coaching-2\/\" \/>\n<meta property=\"og:site_name\" content=\"MAGDALENA LOBISCH\" \/>\n<meta property=\"article:modified_time\" content=\"2025-10-27T10:29:36+00:00\" \/>\n<meta property=\"og:image\" content=\"https:\/\/magdalenalobisch.de\/wp-content\/uploads\/2024\/12\/DSCF8872-scaled.jpg\" \/>\n\t<meta property=\"og:image:width\" content=\"2560\" \/>\n\t<meta property=\"og:image:height\" content=\"1707\" \/>\n\t<meta property=\"og:image:type\" content=\"image\/jpeg\" \/>\n<meta name=\"twitter:card\" content=\"summary_large_image\" \/>\n<meta name=\"twitter:label1\" content=\"Est. reading time\" \/>\n\t<meta name=\"twitter:data1\" content=\"3 minutes\" \/>\n<script type=\"application\/ld+json\" class=\"yoast-schema-graph\">{\"@context\":\"https:\\\/\\\/schema.org\",\"@graph\":[{\"@type\":\"WebPage\",\"@id\":\"https:\\\/\\\/magdalenalobisch.de\\\/en\\\/magdalena-lobisch-coaching-2\\\/\",\"url\":\"https:\\\/\\\/magdalenalobisch.de\\\/en\\\/magdalena-lobisch-coaching-2\\\/\",\"name\":\"Magdalena Lobisch - Coaching\",\"isPartOf\":{\"@id\":\"https:\\\/\\\/magdalenalobisch.de\\\/#website\"},\"primaryImageOfPage\":{\"@id\":\"https:\\\/\\\/magdalenalobisch.de\\\/en\\\/magdalena-lobisch-coaching-2\\\/#primaryimage\"},\"image\":{\"@id\":\"https:\\\/\\\/magdalenalobisch.de\\\/en\\\/magdalena-lobisch-coaching-2\\\/#primaryimage\"},\"thumbnailUrl\":\"https:\\\/\\\/magdalenalobisch.de\\\/wp-content\\\/uploads\\\/2024\\\/12\\\/DSCF8872-1024x683.jpg\",\"datePublished\":\"2025-10-08T10:15:42+00:00\",\"dateModified\":\"2025-10-27T10:29:36+00:00\",\"description\":\"Zweifache Mutter, diplomierte Kulturwirtin, ehemalige Brand- und Marketingmanagerin und F\u00fchrungskraft. Nach \u00fcber 2-j\u00e4hriger Krankheit mit schwerer Fatigue von Post Covid genesen. Als Coach nutze ich meine berufliche und pers\u00f6nliche Erfahrung mittlerweile am liebsten, um andere auf ihrem Weg zu mehr Selbstwirksamkeit und Klarheit zu unterst\u00fctzen.\",\"breadcrumb\":{\"@id\":\"https:\\\/\\\/magdalenalobisch.de\\\/en\\\/magdalena-lobisch-coaching-2\\\/#breadcrumb\"},\"inLanguage\":\"en-US\",\"potentialAction\":[{\"@type\":\"ReadAction\",\"target\":[\"https:\\\/\\\/magdalenalobisch.de\\\/en\\\/magdalena-lobisch-coaching-2\\\/\"]}]},{\"@type\":\"ImageObject\",\"inLanguage\":\"en-US\",\"@id\":\"https:\\\/\\\/magdalenalobisch.de\\\/en\\\/magdalena-lobisch-coaching-2\\\/#primaryimage\",\"url\":\"https:\\\/\\\/magdalenalobisch.de\\\/wp-content\\\/uploads\\\/2024\\\/12\\\/DSCF8872-1024x683.jpg\",\"contentUrl\":\"https:\\\/\\\/magdalenalobisch.de\\\/wp-content\\\/uploads\\\/2024\\\/12\\\/DSCF8872-1024x683.jpg\"},{\"@type\":\"BreadcrumbList\",\"@id\":\"https:\\\/\\\/magdalenalobisch.de\\\/en\\\/magdalena-lobisch-coaching-2\\\/#breadcrumb\",\"itemListElement\":[{\"@type\":\"ListItem\",\"position\":1,\"name\":\"Magdalena Lobisch - Coaching\",\"item\":\"https:\\\/\\\/magdalenalobisch.de\\\/\"},{\"@type\":\"ListItem\",\"position\":2,\"name\":\"Magdalena Lobisch - Coaching\"}]},{\"@type\":\"WebSite\",\"@id\":\"https:\\\/\\\/magdalenalobisch.de\\\/en\\\/#website\",\"url\":\"https:\\\/\\\/magdalenalobisch.de\\\/en\\\/\",\"name\":\"MAGDALENA LOBISCH\",\"description\":\"COACHING\",\"publisher\":{\"@id\":\"https:\\\/\\\/magdalenalobisch.de\\\/en\\\/#organization\"},\"potentialAction\":[{\"@type\":\"SearchAction\",\"target\":{\"@type\":\"EntryPoint\",\"urlTemplate\":\"https:\\\/\\\/magdalenalobisch.de\\\/en\\\/?s={search_term_string}\"},\"query-input\":{\"@type\":\"PropertyValueSpecification\",\"valueRequired\":true,\"valueName\":\"search_term_string\"}}],\"inLanguage\":\"en-US\"},{\"@type\":\"Organization\",\"@id\":\"https:\\\/\\\/magdalenalobisch.de\\\/en\\\/#organization\",\"name\":\"MAGDALENA LOBISCH\",\"url\":\"https:\\\/\\\/magdalenalobisch.de\\\/en\\\/\",\"logo\":{\"@type\":\"ImageObject\",\"inLanguage\":\"en-US\",\"@id\":\"https:\\\/\\\/magdalenalobisch.de\\\/en\\\/#\\\/schema\\\/logo\\\/image\\\/\",\"url\":\"https:\\\/\\\/magdalenalobisch.de\\\/wp-content\\\/uploads\\\/2024\\\/12\\\/logo_schwarz.png\",\"contentUrl\":\"https:\\\/\\\/magdalenalobisch.de\\\/wp-content\\\/uploads\\\/2024\\\/12\\\/logo_schwarz.png\",\"width\":528,\"height\":448,\"caption\":\"MAGDALENA LOBISCH\"},\"image\":{\"@id\":\"https:\\\/\\\/magdalenalobisch.de\\\/en\\\/#\\\/schema\\\/logo\\\/image\\\/\"},\"sameAs\":[\"https:\\\/\\\/www.instagram.com\\\/mlobisch\\\/\",\"https:\\\/\\\/www.linkedin.com\\\/in\\\/magdalena-lobisch-944719168\\\/\"]}]}<\/script>\n<!-- \/ Yoast SEO plugin. -->","yoast_head_json":{"title":"MAGDALENA LOBISCH","description":"Zweifache Mutter, diplomierte Kulturwirtin, ehemalige Brand- und Marketingmanagerin und F\u00fchrungskraft. Nach \u00fcber 2-j\u00e4hriger Krankheit mit schwerer Fatigue von Post Covid genesen. Als Coach nutze ich meine berufliche und pers\u00f6nliche Erfahrung mittlerweile am liebsten, um andere auf ihrem Weg zu mehr Selbstwirksamkeit und Klarheit zu unterst\u00fctzen.","robots":{"index":"index","follow":"follow","max-snippet":"max-snippet:-1","max-image-preview":"max-image-preview:large","max-video-preview":"max-video-preview:-1"},"canonical":"Du hast alles, um Ver\u00e4nderung bewusst zu gestalten.Ich begleite dich achtsam, zielorientiert und systematisch. Mit Ver\u00e4nderung wachsen Ver\u00e4nderung ist selten bequem. Sie kann uns heftig verunsichern, bestehende Strukturen aufbrechen und uns vor Herausforderungen stellen, die wir so nicht geplant oder vorausgesehen hatten. Gleichzeitig birgt sie auch immer ein gro\u00dfes Geschenk: die Chance, Neues zu entdecken&hellip;","og_locale":"en_US","og_type":"article","og_description":"Zweifache Mutter, diplomierte Kulturwirtin, ehemalige Brand- und Marketingmanagerin und F\u00fchrungskraft. Nach \u00fcber 2-j\u00e4hriger Krankheit mit schwerer Fatigue von Post Covid genesen. Als Coach nutze ich meine berufliche und pers\u00f6nliche Erfahrung mittlerweile am liebsten, um andere auf ihrem Weg zu mehr Selbstwirksamkeit und Klarheit zu unterst\u00fctzen.","og_url":"https:\/\/magdalenalobisch.de\/en\/magdalena-lobisch-coaching-2\/","og_site_name":"MAGDALENA LOBISCH","article_modified_time":"2025-10-27T10:29:36+00:00","og_image":[{"width":2560,"height":1707,"url":"https:\/\/magdalenalobisch.de\/wp-content\/uploads\/2024\/12\/DSCF8872-scaled.jpg","type":"image\/jpeg"}],"twitter_card":"summary_large_image","twitter_misc":{"Est. reading time":"3 minutes"},"schema":{"@context":"https:\/\/schema.org","@graph":[{"@type":"WebPage","@id":"https:\/\/magdalenalobisch.de\/en\/magdalena-lobisch-coaching-2\/","url":"https:\/\/magdalenalobisch.de\/en\/magdalena-lobisch-coaching-2\/","name":"Magdalena Lobisch - Coaching","isPartOf":{"@id":"https:\/\/magdalenalobisch.de\/#website"},"primaryImageOfPage":{"@id":"https:\/\/magdalenalobisch.de\/en\/magdalena-lobisch-coaching-2\/#primaryimage"},"image":{"@id":"https:\/\/magdalenalobisch.de\/en\/magdalena-lobisch-coaching-2\/#primaryimage"},"thumbnailUrl":"https:\/\/magdalenalobisch.de\/wp-content\/uploads\/2024\/12\/DSCF8872-1024x683.jpg","datePublished":"2025-10-08T10:15:42+00:00","dateModified":"2025-10-27T10:29:36+00:00","description":"Zweifache Mutter, diplomierte Kulturwirtin, ehemalige Brand- und Marketingmanagerin und F\u00fchrungskraft. Nach \u00fcber 2-j\u00e4hriger Krankheit mit schwerer Fatigue von Post Covid genesen. Als Coach nutze ich meine berufliche und pers\u00f6nliche Erfahrung mittlerweile am liebsten, um andere auf ihrem Weg zu mehr Selbstwirksamkeit und Klarheit zu unterst\u00fctzen.","breadcrumb":{"@id":"https:\/\/magdalenalobisch.de\/en\/magdalena-lobisch-coaching-2\/#breadcrumb"},"inLanguage":"en-US","potentialAction":[{"@type":"ReadAction","target":["https:\/\/magdalenalobisch.de\/en\/magdalena-lobisch-coaching-2\/"]}]},{"@type":"ImageObject","inLanguage":"en-US","@id":"https:\/\/magdalenalobisch.de\/en\/magdalena-lobisch-coaching-2\/#primaryimage","url":"https:\/\/magdalenalobisch.de\/wp-content\/uploads\/2024\/12\/DSCF8872-1024x683.jpg","contentUrl":"https:\/\/magdalenalobisch.de\/wp-content\/uploads\/2024\/12\/DSCF8872-1024x683.jpg"},{"@type":"BreadcrumbList","@id":"https:\/\/magdalenalobisch.de\/en\/magdalena-lobisch-coaching-2\/#breadcrumb","itemListElement":[{"@type":"ListItem","position":1,"name":"Magdalena Lobisch - Coaching","item":"https:\/\/magdalenalobisch.de\/"},{"@type":"ListItem","position":2,"name":"Magdalena Lobisch - Coaching"}]},{"@type":"WebSite","@id":"https:\/\/magdalenalobisch.de\/en\/#website","url":"https:\/\/magdalenalobisch.de\/en\/","name":"MAGDALENA LOBISCH","description":"COACHING","publisher":{"@id":"https:\/\/magdalenalobisch.de\/en\/#organization"},"potentialAction":[{"@type":"SearchAction","target":{"@type":"EntryPoint","urlTemplate":"https:\/\/magdalenalobisch.de\/en\/?s={search_term_string}"},"query-input":{"@type":"PropertyValueSpecification","valueRequired":true,"valueName":"search_term_string"}}],"inLanguage":"en-US"},{"@type":"Organization","@id":"https:\/\/magdalenalobisch.de\/en\/#organization","name":"MAGDALENA LOBISCH","url":"https:\/\/magdalenalobisch.de\/en\/","logo":{"@type":"ImageObject","inLanguage":"en-US","@id":"https:\/\/magdalenalobisch.de\/en\/#\/schema\/logo\/image\/","url":"https:\/\/magdalenalobisch.de\/wp-content\/uploads\/2024\/12\/logo_schwarz.png","contentUrl":"https:\/\/magdalenalobisch.de\/wp-content\/uploads\/2024\/12\/logo_schwarz.png","width":528,"height":448,"caption":"MAGDALENA LOBISCH"},"image":{"@id":"https:\/\/magdalenalobisch.de\/en\/#\/schema\/logo\/image\/"},"sameAs":["https:\/\/www.instagram.com\/mlobisch\/","https:\/\/www.linkedin.com\/in\/magdalena-lobisch-944719168\/"]}]}},"_links":{"self":[{"href":"https:\/\/magdalenalobisch.de\/en\/wp-json\/wp\/v2\/pages\/1780","targetHints":{"allow":["GET"]}}],"collection":[{"href":"https:\/\/magdalenalobisch.de\/en\/wp-json\/wp\/v2\/pages"}],"about":[{"href":"https:\/\/magdalenalobisch.de\/en\/wp-json\/wp\/v2\/types\/page"}],"author":[{"embeddable":true,"href":"https:\/\/magdalenalobisch.de\/en\/wp-json\/wp\/v2\/users\/1"}],"replies":[{"embeddable":true,"href":"https:\/\/magdalenalobisch.de\/en\/wp-json\/wp\/v2\/comments?post=1780"}],"version-history":[{"count":12,"href":"https:\/\/magdalenalobisch.de\/en\/wp-json\/wp\/v2\/pages\/1780\/revisions"}],"predecessor-version":[{"id":1841,"href":"https:\/\/magdalenalobisch.de\/en\/wp-json\/wp\/v2\/pages\/1780\/revisions\/1841"}],"wp:attachment":[{"href":"https:\/\/magdalenalobisch.de\/en\/wp-json\/wp\/v2\/media?parent=1780"}],"curies":[{"name":"wp","href":"https:\/\/api.w.org\/{rel}","templated":true}]}}